{"id":75,"date":"2015-03-15T18:53:42","date_gmt":"2015-03-15T17:53:42","guid":{"rendered":"http:\/\/www.cplusm.sk\/?page_id=75"},"modified":"2015-04-11T00:33:44","modified_gmt":"2015-04-10T23:33:44","slug":"zoznam-hosti","status":"publish","type":"page","link":"http:\/\/www.cplusm.sk\/?page_id=75","title":{"rendered":"Program"},"content":{"rendered":"<table style=\"height: 512px;\" width=\"1346\">\n<tbody>\n<tr>\n<td width=\"127\"><strong>11.4.2015<\/strong><\/td>\n<td width=\"190\"><strong>Sobota<\/strong><\/td>\n<td width=\"639\"><\/td>\n<\/tr>\n<tr>\n<td><span style=\"color: #00ccff;\">11:00<\/span><\/td>\n<td><span style=\"color: #00ccff;\">14:00<\/span><\/td>\n<td><span style=\"color: #00ccff;\">Check in &#8211; pr\u00edchod a ubytovanie svadobn\u00fdch host\u00ed do hotela Sebastian v Modre<\/span><\/td>\n<\/tr>\n<tr>\n<td><span style=\"color: #00ccff;\">15:00<\/span><\/td>\n<td><span style=\"color: #00ccff;\">15:15<\/span><\/td>\n<td><span style=\"color: #00ccff;\">Odoberanka &#8211; Po\u010fakovanie sn\u00fabencov a po\u017eehnanie rodi\u010dov<\/span><\/td>\n<\/tr>\n<tr>\n<td><span style=\"color: #00ccff;\">15:30<\/span><\/td>\n<td><span style=\"color: #00ccff;\">16:00<\/span><\/td>\n<td><span style=\"color: #00ccff;\">Presun do Bratislavy\u00a0<\/span><\/td>\n<\/tr>\n<tr>\n<td><span style=\"color: #00ccff;\">16:30<\/span><\/td>\n<td><span style=\"color: #00ccff;\">17:15<\/span><\/td>\n<td><span style=\"color: #00ccff;\">Sob\u00e1\u0161 v Modrom kostol\u00edku<\/span><\/td>\n<\/tr>\n<tr>\n<td><span style=\"color: #00ccff;\">17:30<\/span><\/td>\n<td><span style=\"color: #00ccff;\">18:00<\/span><\/td>\n<td><span style=\"color: #00ccff;\">Presun do Modry do hotela Sebastian<\/span><\/td>\n<\/tr>\n<tr>\n<td><span style=\"color: #00ccff;\">18:30<\/span><\/td>\n<td><span style=\"color: #00ccff;\">21:00<\/span><\/td>\n<td><span style=\"color: #00ccff;\">Svadobn\u00e1 hostina a vo\u013en\u00e1 z\u00e1bava<\/span><\/td>\n<\/tr>\n<tr>\n<td><span style=\"color: #00ccff;\">21:00<\/span><\/td>\n<td><span style=\"color: #00ccff;\">23:00<\/span><\/td>\n<td><span style=\"color: #00ccff;\">Pr\u00edchod svadobn\u00fdch host\u00ed\u00a0\u00a0<\/span><\/td>\n<\/tr>\n<tr>\n<td><span style=\"color: #00ccff;\">21:00<\/span><\/td>\n<td><span style=\"color: #00ccff;\">???<\/span><\/td>\n<td><span style=\"color: #00ccff;\">Svadobn\u00e1 veselica<\/span><\/td>\n<\/tr>\n<tr>\n<td><span style=\"color: #00ccff;\">22:00<\/span><\/td>\n<td><span style=\"color: #00ccff;\">23:30<\/span><\/td>\n<td><span style=\"color: #00ccff;\">Program a vo\u013en\u00e1 z\u00e1bava<\/span><\/td>\n<\/tr>\n<tr>\n<td><span style=\"color: #00ccff;\">23:30<\/span><\/td>\n<td><span style=\"color: #00ccff;\">0:30<\/span><\/td>\n<td><span style=\"color: #00ccff;\">\u010cep\u010denie nevesty a nevestovsk\u00fd tanec<\/span><\/td>\n<\/tr>\n<tr>\n<td><span style=\"color: #00ccff;\">0:30<\/span><\/td>\n<td><span style=\"color: #00ccff;\">???<\/span><\/td>\n<td><span style=\"color: #00ccff;\">Povo\u013en\u00e1 z\u00e1bava<\/span><\/td>\n<\/tr>\n<tr>\n<td><\/td>\n<td><\/td>\n<td><\/td>\n<\/tr>\n<tr>\n<td><\/td>\n<td><\/td>\n<td><\/td>\n<\/tr>\n<tr>\n<td><strong>12.4.2015<\/strong><\/td>\n<td><strong>Nede\u013ea<\/strong><\/td>\n<td><\/td>\n<\/tr>\n<tr>\n<td><span style=\"color: #00ccff;\">8:00<\/span><\/td>\n<td><span style=\"color: #00ccff;\">11:00<\/span><\/td>\n<td><span style=\"color: #00ccff;\">Ra\u0148ajky\u00a0<\/span><\/td>\n<\/tr>\n<tr>\n<td><span style=\"color: #00ccff;\">8:00<\/span><\/td>\n<td><span style=\"color: #00ccff;\">12:00<\/span><\/td>\n<td><span style=\"color: #00ccff;\">Check out &#8211; odubytovanie host\u00ed a odchod z hotela Sebastian<\/span><\/td>\n<\/tr>\n<\/tbody>\n<\/table>\n<p>&nbsp;<\/p>\n<p style=\"text-align: center;\">Pros\u00edme v\u0161etk\u00fdch svadobn\u00fdch host\u00ed, aby brali tento harmonogram len ako orienta\u010dn\u00fd, no z\u00e1rove\u0148, aby sa dr\u017eali in\u0161trukci\u00ed a pokynov n\u00e1\u0161ho Starej\u0161ieho, resp. Mladej\u0161ieho, ktor\u00fdm nie je nik in\u00fd ako n\u00e1\u0161 dobr\u00fd priate\u013e Dominik Gajdo\u0161. Z\u00e1rove\u0148 V\u00e1s pros\u00edme, aby ste dodr\u017eali \u010das uveden\u00fd na check out z hotela Sebastian. \u010eakujeme za pochopenie ;-).<\/p>\n","protected":false},"excerpt":{"rendered":"<p>11.4.2015 Sobota 11:00 14:00 Check in &#8211; pr\u00edchod a ubytovanie svadobn\u00fdch host\u00ed do hotela Sebastian v Modre 15:00 15:15 Odoberanka &#8211; Po\u010fakovanie sn\u00fabencov a po\u017eehnanie rodi\u010dov 15:30 16:00 Presun do Bratislavy\u00a0 16:30 17:15 Sob\u00e1\u0161 v Modrom kostol\u00edku 17:30 18:00 Presun &hellip; <a class=\"more-link\" href=\"http:\/\/www.cplusm.sk\/?page_id=75\">Continue&nbsp;reading&nbsp;<span class=\"meta-nav\">&rarr;<\/span><\/a><\/p>\n","protected":false},"author":1,"featured_media":0,"parent":0,"menu_order":0,"comment_status":"open","ping_status":"open","template":"","meta":[],"_links":{"self":[{"href":"http:\/\/www.cplusm.sk\/index.php?rest_route=\/wp\/v2\/pages\/75"}],"collection":[{"href":"http:\/\/www.cplusm.sk\/index.php?rest_route=\/wp\/v2\/pages"}],"about":[{"href":"http:\/\/www.cplusm.sk\/index.php?rest_route=\/wp\/v2\/types\/page"}],"author":[{"embeddable":true,"href":"http:\/\/www.cplusm.sk\/index.php?rest_route=\/wp\/v2\/users\/1"}],"replies":[{"embeddable":true,"href":"http:\/\/www.cplusm.sk\/index.php?rest_route=%2Fwp%2Fv2%2Fcomments&post=75"}],"version-history":[{"count":14,"href":"http:\/\/www.cplusm.sk\/index.php?rest_route=\/wp\/v2\/pages\/75\/revisions"}],"predecessor-version":[{"id":130,"href":"http:\/\/www.cplusm.sk\/index.php?rest_route=\/wp\/v2\/pages\/75\/revisions\/130"}],"wp:attachment":[{"href":"http:\/\/www.cplusm.sk\/index.php?rest_route=%2Fwp%2Fv2%2Fmedia&parent=75"}],"curies":[{"name":"wp","href":"https:\/\/api.w.org\/{rel}","templated":true}]}}